{"id":970,"date":"2020-10-05T15:38:14","date_gmt":"2020-10-05T13:38:14","guid":{"rendered":"http:\/\/odihmvmainz.dyn.ddnss.de\/?page_id=970"},"modified":"2020-11-05T08:27:22","modified_gmt":"2020-11-05T07:27:22","slug":"renaissance-ca-1550-bis-1660","status":"publish","type":"page","link":"https:\/\/denkmal2020.pax.de\/index.php\/stele-4\/renaissance-ca-1550-bis-1660\/","title":{"rendered":"Renaissance ca. 1550 bis 1660"},"content":{"rendered":"\n<figure class=\"wp-block-image size-full\"><a href=\"\/index.php\/stele-4\/\"><img loading=\"lazy\" width=\"1900\" height=\"1200\" src=\"\/wp-content\/uploads\/2020\/10\/HT09.jpg\" alt=\"\" class=\"wp-image-969\" srcset=\"https:\/\/denkmal2020.pax.de\/wp-content\/uploads\/2020\/10\/HT09.jpg 1900w, https:\/\/denkmal2020.pax.de\/wp-content\/uploads\/2020\/10\/HT09-1024x647.jpg 1024w, https:\/\/denkmal2020.pax.de\/wp-content\/uploads\/2020\/10\/HT09-768x485.jpg 768w, https:\/\/denkmal2020.pax.de\/wp-content\/uploads\/2020\/10\/HT09-1536x970.jpg 1536w, https:\/\/denkmal2020.pax.de\/wp-content\/uploads\/2020\/10\/HT09-602x380.jpg 602w, https:\/\/denkmal2020.pax.de\/wp-content\/uploads\/2020\/10\/HT09-800x505.jpg 800w, https:\/\/denkmal2020.pax.de\/wp-content\/uploads\/2020\/10\/HT09-285x180.jpg 285w\" sizes=\"(max-width: 1900px) 100vw, 1900px\" \/><\/a><\/figure>\n\n\n\n<p>In dieser Epoche gab es eine R\u00fcckbesinnung auf die antike \u00adFormensprache. Zudem ist sie pr\u00e4gend f\u00fcr die handwerkliche Entwicklung von Holzkonstruktionen.<\/p>\n\n\n\n<p>Stemm- und Stecheisen sowie die Verwendung von Hobeln jeder Art er\u00f6ffneten bisher ungeahnte M\u00f6glichkeiten. Die ersten Rahmenverbindungen mit Schlitz und Zapfen oder Loch und Zapfen fanden Verbreitung. Abgeplattete F\u00fcllungen innerhalb dieser Rahmen fanden erste Verwendung und F\u00fcllungsbegrenzungen an den Rahmenteilen wurden mit angehobelten Profilen ausgef\u00fchrt.<\/p>\n\n\n\n<p>Scharniere und B\u00e4nder wurden nun mehr auf ihre Funktion beschr\u00e4nkt. Zum ersten Mal gab es Schl\u00f6sser mit zum Teil zw\u00f6lf Verriegelungspunkten. Sehr stark gestaltende Steingew\u00e4nde &#8211; teilweise sehr bunt bemalt &#8211; rahmten die T\u00fcren ein.<\/p>\n\n\n\n<div class=\"wp-block-image\"><figure class=\"alignright size-large\"><a href=\"\/index.php\/stele-4\/\"><img src=\"\/wp-content\/uploads\/2020\/09\/zurueck-1.svg\" alt=\"\" class=\"wp-image-662\"\/><\/a><\/figure><\/div>\n","protected":false},"excerpt":{"rendered":"<p>In dieser Epoche gab es eine R\u00fcckbesinnung auf die antike \u00adFormensprache. Zudem ist sie pr\u00e4gend f\u00fcr die handwerkliche Entwicklung von Holzkonstruktionen. Stemm- und Stecheisen sowie die Verwendung von Hobeln jeder Art er\u00f6ffneten bisher ungeahnte M\u00f6glichkeiten. Die ersten Rahmenverbindungen mit Schlitz und Zapfen oder Loch und Zapfen fanden Verbreitung. Abgeplattete F\u00fcllungen innerhalb dieser Rahmen fanden erste\u2026 <a class=\"excerpt-dot\" href=\"https:\/\/denkmal2020.pax.de\/index.php\/stele-4\/renaissance-ca-1550-bis-1660\/\" title=\"Renaissance ca. 1550 bis 1660\"><svg xmlns=\"http:\/\/www.w3.org\/2000\/svg\" version=\"1.1\" x=\"0\" y=\"0\" width=\"30.2\" height=\"14.2\" viewBox=\"0 0 30.2 14.2\" enable-background=\"new 0 0 30.167 14.168\" xml:space=\"preserve\"><path d=\"M0.1 7.1c0-0.4 0.4-0.8 0.8-0.8h26.5l-5-4.9c-0.3-0.3-0.3-0.8 0-1.1 0.3-0.3 0.8-0.3 1.1 0l6.3 6.2c0.3 0.3 0.3 0.8 0 1.1l-6.3 6.2c-0.2 0.2-0.4 0.2-0.6 0.2 -0.2 0-0.4-0.1-0.6-0.2 -0.3-0.3-0.3-0.8 0-1.1l4.9-4.8H0.9C0.5 7.9 0.1 7.6 0.1 7.1z\"\/><\/svg><\/a><\/p>\n","protected":false},"author":1,"featured_media":0,"parent":943,"menu_order":0,"comment_status":"closed","ping_status":"closed","template":"","meta":[],"_links":{"self":[{"href":"https:\/\/denkmal2020.pax.de\/index.php\/wp-json\/wp\/v2\/pages\/970"}],"collection":[{"href":"https:\/\/denkmal2020.pax.de\/index.php\/wp-json\/wp\/v2\/pages"}],"about":[{"href":"https:\/\/denkmal2020.pax.de\/index.php\/wp-json\/wp\/v2\/types\/page"}],"author":[{"embeddable":true,"href":"https:\/\/denkmal2020.pax.de\/index.php\/wp-json\/wp\/v2\/users\/1"}],"replies":[{"embeddable":true,"href":"https:\/\/denkmal2020.pax.de\/index.php\/wp-json\/wp\/v2\/comments?post=970"}],"version-history":[{"count":5,"href":"https:\/\/denkmal2020.pax.de\/index.php\/wp-json\/wp\/v2\/pages\/970\/revisions"}],"predecessor-version":[{"id":1148,"href":"https:\/\/denkmal2020.pax.de\/index.php\/wp-json\/wp\/v2\/pages\/970\/revisions\/1148"}],"up":[{"embeddable":true,"href":"https:\/\/denkmal2020.pax.de\/index.php\/wp-json\/wp\/v2\/pages\/943"}],"wp:attachment":[{"href":"https:\/\/denkmal2020.pax.de\/index.php\/wp-json\/wp\/v2\/media?parent=970"}],"curies":[{"name":"wp","href":"https:\/\/api.w.org\/{rel}","templated":true}]}}